{"id":15,"date":"2022-03-04T12:40:18","date_gmt":"2022-03-04T11:40:18","guid":{"rendered":"https:\/\/ambiance-yoga-et-sens.fr\/?page_id=15"},"modified":"2025-09-23T15:18:58","modified_gmt":"2025-09-23T13:18:58","slug":"yoga-de-lenergie-bassin-darcachon","status":"publish","type":"page","link":"https:\/\/ambiance-yoga-et-sens.fr\/","title":{"rendered":"Yoga de l&rsquo;\u00e9nergie bassin d&rsquo;Arcachon"},"content":{"rendered":"\t\t<div data-elementor-type=\"wp-page\" data-elementor-id=\"15\" class=\"elementor elementor-15\">\n\t\t\t\t\t\t<section class=\"elementor-section elementor-top-section elementor-element elementor-element-10c0343 elementor-section-full_width elementor-section-height-default elementor-section-height-default\" data-id=\"10c0343\" data-element_type=\"section\" data-e-type=\"section\">\n\t\t\t\t\t\t<div class=\"elementor-container elementor-column-gap-default\">\n\t\t\t\t\t<div class=\"elementor-column elementor-col-100 elementor-top-column elementor-element elementor-element-4f27f3c\" data-id=\"4f27f3c\" data-element_type=\"column\" data-e-type=\"column\">\n\t\t\t<div class=\"elementor-widget-wrap elementor-element-populated\">\n\t\t\t\t\t\t<section class=\"elementor-section elementor-inner-section elementor-element elementor-element-468e6ca elementor-section-boxed elementor-section-height-default elementor-section-height-default\" data-id=\"468e6ca\" data-element_type=\"section\" data-e-type=\"section\">\n\t\t\t\t\t\t<div class=\"elementor-container elementor-column-gap-default\">\n\t\t\t\t\t<div class=\"elementor-column elementor-col-50 elementor-inner-column elementor-element elementor-element-d00ae80\" data-id=\"d00ae80\" data-element_type=\"column\" data-e-type=\"column\">\n\t\t\t<div class=\"elementor-widget-wrap elementor-element-populated\">\n\t\t\t\t\t\t<div class=\"elementor-element elementor-element-2aa0492 elementor-widget elementor-widget-heading\" data-id=\"2aa0492\" data-element_type=\"widget\" data-e-type=\"widget\" data-widget_type=\"heading.default\">\n\t\t\t\t<div class=\"elementor-widget-container\">\n\t\t\t\t\t<h1 class=\"elementor-heading-title elementor-size-default\">Yoga au sud du Bassin d'Arcachon<\/h1>\t\t\t\t<\/div>\n\t\t\t\t<\/div>\n\t\t\t\t<div class=\"elementor-element elementor-element-820071c elementor-widget elementor-widget-spacer\" data-id=\"820071c\" data-element_type=\"widget\" data-e-type=\"widget\" data-widget_type=\"spacer.default\">\n\t\t\t\t<div class=\"elementor-widget-container\">\n\t\t\t\t\t\t\t<div class=\"elementor-spacer\">\n\t\t\t<div class=\"elementor-spacer-inner\"><\/div>\n\t\t<\/div>\n\t\t\t\t\t\t<\/div>\n\t\t\t\t<\/div>\n\t\t\t\t<div class=\"elementor-element elementor-element-dfa239f elementor-widget elementor-widget-text-editor\" data-id=\"dfa239f\" data-element_type=\"widget\" data-e-type=\"widget\" data-widget_type=\"text-editor.default\">\n\t\t\t\t<div class=\"elementor-widget-container\">\n\t\t\t\t\t\t\t\t\t<div class=\"page\" title=\"Page 1\"><div class=\"layoutArea\"><div class=\"column\"><div class=\"gmail_default\">Les cours sont assur\u00e9s par Catherine Pons, enseignante en \u00ab\u00a0Yoga de l&rsquo;Energie\u00a0\u00bb &#8211; certifi\u00e9e de l&rsquo;Ecole fran\u00e7aise de Yoga du Sud-ouest (EFYSO), titulaire de la F\u00e9d\u00e9ration nationale des enseignants de yoga (FNEY).<\/div><div>\u00a0<\/div><div class=\"gmail_default\"><a href=\"https:\/\/reflexologie-pyla.fr\/\" target=\"_blank\" rel=\"noopener\">R\u00e9flexologue<\/a> depuis plusieurs ann\u00e9es, c&rsquo;est la r\u00e9flexologie qui m&rsquo;a guid\u00e9e tout naturellement vers le yoga.<\/div><div class=\"gmail_default\">Je d\u00e9couvre \u00e0 travers cette pratique une perception du corps dans sa globalit\u00e9.<\/div><\/div><div>\u00ab\u00a0Curieuse, je d\u00e9cide de suivre une formation d&rsquo;enseignante en Yoga d&rsquo;une dur\u00e9e de quatre ans et trois ann\u00e9es en Acad\u00e9mie\u00a0\u00bb. Toujours une petite porte \u00e0 ouvrir pour y d\u00e9couvrir de v\u00e9ritables p\u00e9pites de connaissance qui nourrissent \u00e0 la fois les s\u00e9ances de r\u00e9flexologie et le yoga que j&rsquo;enseigne.<\/div><\/div><div>\u00ab\u00a0Au fil des ann\u00e9es et suivant mes inspirations, mes rencontres, je continue stages et formations diverses\u00a0\u00bb.<\/div><\/div>\t\t\t\t\t\t\t\t<\/div>\n\t\t\t\t<\/div>\n\t\t\t\t\t<\/div>\n\t\t<\/div>\n\t\t\t\t<div class=\"elementor-column elementor-col-50 elementor-inner-column elementor-element elementor-element-ab9fb07\" data-id=\"ab9fb07\" data-element_type=\"column\" data-e-type=\"column\">\n\t\t\t<div class=\"elementor-widget-wrap elementor-element-populated\">\n\t\t\t\t\t\t<div class=\"elementor-element elementor-element-8db7bfa elementor-widget elementor-widget-image\" data-id=\"8db7bfa\" data-element_type=\"widget\" data-e-type=\"widget\" data-widget_type=\"image.default\">\n\t\t\t\t<div class=\"elementor-widget-container\">\n\t\t\t\t\t\t\t\t\t\t\t\t<figure class=\"wp-caption\">\n\t\t\t\t\t\t\t\t\t\t<img fetchpriority=\"high\" decoding=\"async\" width=\"1333\" height=\"1816\" src=\"https:\/\/ambiance-yoga-et-sens.fr\/wp-content\/uploads\/2025\/07\/energie_yoga_et_sens_2_2.webp\" class=\"attachment-full size-full wp-image-1248\" alt=\"Image d&#039;un personnage abstrait sur une plan\u00e8te.\" srcset=\"https:\/\/ambiance-yoga-et-sens.fr\/wp-content\/uploads\/2025\/07\/energie_yoga_et_sens_2_2.webp 1333w, https:\/\/ambiance-yoga-et-sens.fr\/wp-content\/uploads\/2025\/07\/energie_yoga_et_sens_2_2-220x300.webp 220w, https:\/\/ambiance-yoga-et-sens.fr\/wp-content\/uploads\/2025\/07\/energie_yoga_et_sens_2_2-752x1024.webp 752w, https:\/\/ambiance-yoga-et-sens.fr\/wp-content\/uploads\/2025\/07\/energie_yoga_et_sens_2_2-768x1046.webp 768w, https:\/\/ambiance-yoga-et-sens.fr\/wp-content\/uploads\/2025\/07\/energie_yoga_et_sens_2_2-1127x1536.webp 1127w\" sizes=\"(max-width: 1333px) 100vw, 1333px\" \/>\t\t\t\t\t\t\t\t\t\t\t<figcaption class=\"widget-image-caption wp-caption-text\">\"Les Jeanette\". Ces \u0153uvres sont prot\u00e9g\u00e9es par le droit d\u2019auteur.<\/figcaption>\n\t\t\t\t\t\t\t\t\t\t<\/figure>\n\t\t\t\t\t\t\t\t\t<\/div>\n\t\t\t\t<\/div>\n\t\t\t\t\t<\/div>\n\t\t<\/div>\n\t\t\t\t\t<\/div>\n\t\t<\/section>\n\t\t\t\t\t<\/div>\n\t\t<\/div>\n\t\t\t\t\t<\/div>\n\t\t<\/section>\n\t\t\t\t<section class=\"elementor-section elementor-top-section elementor-element elementor-element-484ee77 elementor-section-boxed elementor-section-height-default elementor-section-height-default\" data-id=\"484ee77\" data-element_type=\"section\" data-e-type=\"section\">\n\t\t\t\t\t\t<div class=\"elementor-container elementor-column-gap-default\">\n\t\t\t\t\t<div class=\"elementor-column elementor-col-100 elementor-top-column elementor-element elementor-element-d520d2b\" data-id=\"d520d2b\" data-element_type=\"column\" data-e-type=\"column\">\n\t\t\t<div class=\"elementor-widget-wrap elementor-element-populated\">\n\t\t\t\t\t\t<div class=\"elementor-element elementor-element-62ef732 elementor-widget elementor-widget-spacer\" data-id=\"62ef732\" data-element_type=\"widget\" data-e-type=\"widget\" data-widget_type=\"spacer.default\">\n\t\t\t\t<div class=\"elementor-widget-container\">\n\t\t\t\t\t\t\t<div class=\"elementor-spacer\">\n\t\t\t<div class=\"elementor-spacer-inner\"><\/div>\n\t\t<\/div>\n\t\t\t\t\t\t<\/div>\n\t\t\t\t<\/div>\n\t\t\t\t<div class=\"elementor-element elementor-element-6a2b6be elementor-widget elementor-widget-text-editor\" data-id=\"6a2b6be\" data-element_type=\"widget\" data-e-type=\"widget\" data-widget_type=\"text-editor.default\">\n\t\t\t\t<div class=\"elementor-widget-container\">\n\t\t\t\t\t\t\t\t\t<div class=\"page\" title=\"Page 1\">\n<div class=\"layoutArea\">\n<div class=\"column\">\n<p style=\"margin-bottom: 5px;\">\u00abLe Yoga est un chemin de de\u0301couverte de soi ; avec tous les Sens, go\u00fbter la vie dans l&rsquo;espace du corps\u00bb<\/p>\n<p style=\"text-align: right; font-size:20px\"><em>-Eliane-Claire Thiercelin<\/em><\/p>\n\n<\/div>\n<\/div>\n<\/div>\t\t\t\t\t\t\t\t<\/div>\n\t\t\t\t<\/div>\n\t\t\t\t<div class=\"elementor-element elementor-element-a2a8517 elementor-widget elementor-widget-spacer\" data-id=\"a2a8517\" data-element_type=\"widget\" data-e-type=\"widget\" data-widget_type=\"spacer.default\">\n\t\t\t\t<div class=\"elementor-widget-container\">\n\t\t\t\t\t\t\t<div class=\"elementor-spacer\">\n\t\t\t<div class=\"elementor-spacer-inner\"><\/div>\n\t\t<\/div>\n\t\t\t\t\t\t<\/div>\n\t\t\t\t<\/div>\n\t\t\t\t\t<\/div>\n\t\t<\/div>\n\t\t\t\t\t<\/div>\n\t\t<\/section>\n\t\t\t\t<section class=\"elementor-section elementor-top-section elementor-element elementor-element-cd94c38 elementor-section-boxed elementor-section-height-default elementor-section-height-default\" data-id=\"cd94c38\" data-element_type=\"section\" data-e-type=\"section\" data-settings=\"{&quot;background_background&quot;:&quot;classic&quot;}\">\n\t\t\t\t\t\t<div class=\"elementor-container elementor-column-gap-default\">\n\t\t\t\t\t<div class=\"elementor-column elementor-col-33 elementor-top-column elementor-element elementor-element-66b996c\" data-id=\"66b996c\" data-element_type=\"column\" data-e-type=\"column\" data-settings=\"{&quot;background_background&quot;:&quot;classic&quot;}\">\n\t\t\t<div class=\"elementor-widget-wrap elementor-element-populated\">\n\t\t\t\t\t\t<div class=\"elementor-element elementor-element-ac671f5 elementor-widget elementor-widget-image\" data-id=\"ac671f5\" data-element_type=\"widget\" data-e-type=\"widget\" data-widget_type=\"image.default\">\n\t\t\t\t<div class=\"elementor-widget-container\">\n\t\t\t\t\t\t\t\t\t\t\t\t\t\t\t<img decoding=\"async\" width=\"150\" height=\"150\" src=\"https:\/\/ambiance-yoga-et-sens.fr\/wp-content\/uploads\/2023\/07\/Design_sans_titre.png\" class=\"attachment-thumbnail size-thumbnail wp-image-568\" alt=\"Posture de yoga tourn\u00e9 vers la gauche\" \/>\t\t\t\t\t\t\t\t\t\t\t\t\t\t\t<\/div>\n\t\t\t\t<\/div>\n\t\t\t\t\t<\/div>\n\t\t<\/div>\n\t\t\t\t<div class=\"elementor-column elementor-col-33 elementor-top-column elementor-element elementor-element-2faf489\" data-id=\"2faf489\" data-element_type=\"column\" data-e-type=\"column\" data-settings=\"{&quot;background_background&quot;:&quot;classic&quot;}\">\n\t\t\t<div class=\"elementor-widget-wrap elementor-element-populated\">\n\t\t\t\t\t\t<div class=\"elementor-element elementor-element-2ab3da4 content-align-cta-center elementor-widget elementor-widget-eael-cta-box\" data-id=\"2ab3da4\" data-element_type=\"widget\" data-e-type=\"widget\" data-widget_type=\"eael-cta-box.default\">\n\t\t\t\t<div class=\"elementor-widget-container\">\n\t\t\t\t\t\t\t<div class=\"eael-call-to-action cta-basic bg-lite cta-preset-1\">\n        <h2 class=\"title eael-cta-heading\">Yoga \u00e0 La Teste<\/h2><a href=\"http:\/\/ambiance-yoga-et-sens.fr\/#contact\" class=\"cta-button cta-preset-1  \">Je r\u00e9serve ma s\u00e9ance<\/a>\t<\/div>\n\t\t\t\t\t\t\t\t<\/div>\n\t\t\t\t<\/div>\n\t\t\t\t\t<\/div>\n\t\t<\/div>\n\t\t\t\t<div class=\"elementor-column elementor-col-33 elementor-top-column elementor-element elementor-element-3a4f66b\" data-id=\"3a4f66b\" data-element_type=\"column\" data-e-type=\"column\" data-settings=\"{&quot;background_background&quot;:&quot;classic&quot;}\">\n\t\t\t<div class=\"elementor-widget-wrap elementor-element-populated\">\n\t\t\t\t\t\t<div class=\"elementor-element elementor-element-816dd69 elementor-widget elementor-widget-image\" data-id=\"816dd69\" data-element_type=\"widget\" data-e-type=\"widget\" data-widget_type=\"image.default\">\n\t\t\t\t<div class=\"elementor-widget-container\">\n\t\t\t\t\t\t\t\t\t\t\t\t\t\t\t<img decoding=\"async\" width=\"150\" height=\"150\" src=\"https:\/\/ambiance-yoga-et-sens.fr\/wp-content\/uploads\/2023\/07\/Posture_de_yoga_2.png\" class=\"attachment-thumbnail size-thumbnail wp-image-364\" alt=\"Photo d&#039;une posture de yoga avec les mains en avant.\" \/>\t\t\t\t\t\t\t\t\t\t\t\t\t\t\t<\/div>\n\t\t\t\t<\/div>\n\t\t\t\t\t<\/div>\n\t\t<\/div>\n\t\t\t\t\t<\/div>\n\t\t<\/section>\n\t\t\t\t<section class=\"elementor-section elementor-top-section elementor-element elementor-element-e40d8e6 elementor-section-boxed elementor-section-height-default elementor-section-height-default\" data-id=\"e40d8e6\" data-element_type=\"section\" data-e-type=\"section\">\n\t\t\t\t\t\t<div class=\"elementor-container elementor-column-gap-default\">\n\t\t\t\t\t<div class=\"elementor-column elementor-col-100 elementor-top-column elementor-element elementor-element-7f8a5e5\" data-id=\"7f8a5e5\" data-element_type=\"column\" data-e-type=\"column\">\n\t\t\t<div class=\"elementor-widget-wrap elementor-element-populated\">\n\t\t\t\t\t\t<section class=\"elementor-section elementor-inner-section elementor-element elementor-element-1d99c89 elementor-section-boxed elementor-section-height-default elementor-section-height-default\" data-id=\"1d99c89\" data-element_type=\"section\" data-e-type=\"section\">\n\t\t\t\t\t\t<div class=\"elementor-container elementor-column-gap-default\">\n\t\t\t\t\t<div class=\"elementor-column elementor-col-50 elementor-inner-column elementor-element elementor-element-3f778c4\" data-id=\"3f778c4\" data-element_type=\"column\" data-e-type=\"column\">\n\t\t\t<div class=\"elementor-widget-wrap elementor-element-populated\">\n\t\t\t\t\t\t<div class=\"elementor-element elementor-element-79a7607 elementor-widget elementor-widget-heading\" data-id=\"79a7607\" data-element_type=\"widget\" data-e-type=\"widget\" data-widget_type=\"heading.default\">\n\t\t\t\t<div class=\"elementor-widget-container\">\n\t\t\t\t\t<h2 class=\"elementor-heading-title elementor-size-default\">Yoga de l'\u00e9nergie<\/h2>\t\t\t\t<\/div>\n\t\t\t\t<\/div>\n\t\t\t\t<div class=\"elementor-element elementor-element-6cc6e08 elementor-widget elementor-widget-text-editor\" data-id=\"6cc6e08\" data-element_type=\"widget\" data-e-type=\"widget\" data-widget_type=\"text-editor.default\">\n\t\t\t\t<div class=\"elementor-widget-container\">\n\t\t\t\t\t\t\t\t\t<div class=\"page\" title=\"Page 1\"><div class=\"layoutArea\"><div class=\"column\"><p>Le \u00ab\u00a0yoga de l\u2019e\u0301nergie\u00a0\u00bb a\u00a0 \u00e9t\u00e9 cr\u00e9\u00e9 sp\u00e9cifiquement le si\u00e8cle dernier par Roger Clerc pour permettre aux pratiquants de la soci\u00e9t\u00e9 occidentale de pratiquer un yoga leur convenant.\u00a0<\/p><div class=\"page\" title=\"Page 1\"><div class=\"layoutArea\"><div class=\"column\"><div class=\"gmail_default\">Ce yoga vous apprend le plaisir de sentir vivre votre corps. Geste conscient, attention, concentration : de l\u00e0 jaillit la posture juste qui unit fermet\u00e9 et douceur associ\u00e9es au souffle.\u00a0<\/div><div>Un yoga subtil qui am\u00e8ne \u00e0 un ressenti, une sensation, une vibration et vous invite \u00e0 vivre des ambiances aussi bien \u00e0 l&rsquo;int\u00e9rieur qu&rsquo;\u00e0 l&rsquo;ext\u00e9rieur de soi.<\/div><div>\u00a0<\/div><div>\u00a0 \u00a0 \u00a0 \u00a0 \u00a0 \u00a0 \u00a0 \u00a0 \u00a0 \u00a0 \u00a0 \u00a0 \u00a0 \u00a0 Il y a simplement \u00e0 ETRE<\/div><div>Le corps s&rsquo;assouplit, la vitalit\u00e9 se renforce, le mental s&rsquo;apaise, le l\u00e2cher-pise g\u00e9n\u00e8re le calme, la respiration s&rsquo;affine vous conduisant \u00e0 l&rsquo;\u00e9panouissement personnel de mani\u00e8re \u00e0 vivre dans l&rsquo;instant pr\u00e9sent.<\/div><\/div><\/div><\/div><\/div><\/div><\/div>\t\t\t\t\t\t\t\t<\/div>\n\t\t\t\t<\/div>\n\t\t\t\t\t<\/div>\n\t\t<\/div>\n\t\t\t\t<div class=\"elementor-column elementor-col-50 elementor-inner-column elementor-element elementor-element-9eed5f7\" data-id=\"9eed5f7\" data-element_type=\"column\" data-e-type=\"column\">\n\t\t\t<div class=\"elementor-widget-wrap elementor-element-populated\">\n\t\t\t\t\t\t<div class=\"elementor-element elementor-element-b4acd4f elementor-widget elementor-widget-image\" data-id=\"b4acd4f\" data-element_type=\"widget\" data-e-type=\"widget\" data-widget_type=\"image.default\">\n\t\t\t\t<div class=\"elementor-widget-container\">\n\t\t\t\t\t\t\t\t\t\t\t\t<figure class=\"wp-caption\">\n\t\t\t\t\t\t\t\t\t\t<img loading=\"lazy\" decoding=\"async\" width=\"715\" height=\"825\" src=\"https:\/\/ambiance-yoga-et-sens.fr\/wp-content\/uploads\/2023\/07\/Design-sans-titre_1_.webp\" class=\"attachment-full size-full wp-image-943\" alt=\"Dessin de plusieurs personnages sur fond saumon\u00e9.\" srcset=\"https:\/\/ambiance-yoga-et-sens.fr\/wp-content\/uploads\/2023\/07\/Design-sans-titre_1_.webp 715w, https:\/\/ambiance-yoga-et-sens.fr\/wp-content\/uploads\/2023\/07\/Design-sans-titre_1_-260x300.webp 260w\" sizes=\"(max-width: 715px) 100vw, 715px\" \/>\t\t\t\t\t\t\t\t\t\t\t<figcaption class=\"widget-image-caption wp-caption-text\">\"Les Jeanette\". Ces \u0153uvres sont prot\u00e9g\u00e9es par le droit d\u2019auteur.<\/figcaption>\n\t\t\t\t\t\t\t\t\t\t<\/figure>\n\t\t\t\t\t\t\t\t\t<\/div>\n\t\t\t\t<\/div>\n\t\t\t\t\t<\/div>\n\t\t<\/div>\n\t\t\t\t\t<\/div>\n\t\t<\/section>\n\t\t\t\t\t<\/div>\n\t\t<\/div>\n\t\t\t\t\t<\/div>\n\t\t<\/section>\n\t\t\t\t<section class=\"elementor-section elementor-top-section elementor-element elementor-element-eac7075 elementor-section-boxed elementor-section-height-default elementor-section-height-default\" data-id=\"eac7075\" data-element_type=\"section\" data-e-type=\"section\">\n\t\t\t\t\t\t<div class=\"elementor-container elementor-column-gap-default\">\n\t\t\t\t\t<div class=\"elementor-column elementor-col-100 elementor-top-column elementor-element elementor-element-c07194d\" data-id=\"c07194d\" data-element_type=\"column\" data-e-type=\"column\">\n\t\t\t<div class=\"elementor-widget-wrap elementor-element-populated\">\n\t\t\t\t\t\t<div class=\"elementor-element elementor-element-30ccbf2 elementor-widget elementor-widget-spacer\" data-id=\"30ccbf2\" data-element_type=\"widget\" data-e-type=\"widget\" data-widget_type=\"spacer.default\">\n\t\t\t\t<div class=\"elementor-widget-container\">\n\t\t\t\t\t\t\t<div class=\"elementor-spacer\">\n\t\t\t<div class=\"elementor-spacer-inner\"><\/div>\n\t\t<\/div>\n\t\t\t\t\t\t<\/div>\n\t\t\t\t<\/div>\n\t\t\t\t<div class=\"elementor-element elementor-element-1115787 elementor-widget elementor-widget-text-editor\" data-id=\"1115787\" data-element_type=\"widget\" data-e-type=\"widget\" data-widget_type=\"text-editor.default\">\n\t\t\t\t<div class=\"elementor-widget-container\">\n\t\t\t\t\t\t\t\t\t<div class=\"page\" title=\"Page 1\"><div class=\"layoutArea\"><div class=\"column\"><p>\u00ab\u00a0Le Yoga est une discipline qui se vit, accessible a\u0300 tous il s\u2019adapte a\u0300 chacun de nous.\u00a0\u00bb<\/p><\/div><\/div><\/div>\t\t\t\t\t\t\t\t<\/div>\n\t\t\t\t<\/div>\n\t\t\t\t\t<\/div>\n\t\t<\/div>\n\t\t\t\t\t<\/div>\n\t\t<\/section>\n\t\t\t\t<section class=\"elementor-section elementor-top-section elementor-element elementor-element-cea5898 elementor-section-boxed elementor-section-height-default elementor-section-height-default\" data-id=\"cea5898\" data-element_type=\"section\" data-e-type=\"section\">\n\t\t\t\t\t\t<div class=\"elementor-container elementor-column-gap-default\">\n\t\t\t\t\t<div class=\"elementor-column elementor-col-100 elementor-top-column elementor-element elementor-element-23aae7d\" data-id=\"23aae7d\" data-element_type=\"column\" data-e-type=\"column\">\n\t\t\t<div class=\"elementor-widget-wrap elementor-element-populated\">\n\t\t\t\t\t\t<div class=\"elementor-element elementor-element-f2e5ec3 elementor-widget elementor-widget-heading\" data-id=\"f2e5ec3\" data-element_type=\"widget\" data-e-type=\"widget\" data-widget_type=\"heading.default\">\n\t\t\t\t<div class=\"elementor-widget-container\">\n\t\t\t\t\t<h2 class=\"elementor-heading-title elementor-size-default\">Les tarifs<\/h2>\t\t\t\t<\/div>\n\t\t\t\t<\/div>\n\t\t\t\t\t<\/div>\n\t\t<\/div>\n\t\t\t\t\t<\/div>\n\t\t<\/section>\n\t\t\t\t<section class=\"elementor-section elementor-top-section elementor-element elementor-element-3d68b03 elementor-section-full_width elementor-section-height-default elementor-section-height-default\" data-id=\"3d68b03\" data-element_type=\"section\" data-e-type=\"section\">\n\t\t\t\t\t\t<div class=\"elementor-container elementor-column-gap-default\">\n\t\t\t\t\t<div class=\"elementor-column elementor-col-100 elementor-top-column elementor-element elementor-element-63f4f55\" data-id=\"63f4f55\" data-element_type=\"column\" data-e-type=\"column\">\n\t\t\t<div class=\"elementor-widget-wrap elementor-element-populated\">\n\t\t\t\t\t\t<div class=\"elementor-element elementor-element-e255e17 title_text_decoration elementor-widget elementor-widget-eael-image-accordion\" data-id=\"e255e17\" data-element_type=\"widget\" data-e-type=\"widget\" data-widget_type=\"eael-image-accordion.default\">\n\t\t\t\t<div class=\"elementor-widget-container\">\n\t\t\t\t\t    <div class=\"eael-img-accordion accordion-direction-horizontal eael-img-accordion-horizontal-align-center eael-img-accordion-vertical-align-center\" id=\"eael-img-accordion-e255e17\" data-img-accordion-id=\"e255e17\" data-img-accordion-type=\"on-hover\">\n                    \n            <div class=\"eael-image-accordion-hover eael-image-accordion-item\" style=\"background-image: url(https:\/\/ambiance-yoga-et-sens.fr\/wp-content\/uploads\/2023\/08\/IMG-20230720-WA0003_2.webp);\"  tabindex=\"0\">\n                <div class=\"overlay\">\n                                        <div class=\"overlay-inner \">\n                        <h3 class=\"img-accordion-title\">16\u20ac la s\u00e9ance<\/h3>                            <p><p><span style=\"color: #ffffff\"><a style=\"color: #ffffff;text-decoration: none\" href=\"http:\/\/ambiance-yoga-et-sens.fr\/#contact\">Un cours au choix pour venir essayer et d\u00e9couvrir le Yoga<\/a><\/span><\/p><\/p>\n                                            <\/div>\n                <\/div>\n            <\/div>\n                    \n            <div class=\"eael-image-accordion-hover eael-image-accordion-item\" style=\"background-image: url(https:\/\/ambiance-yoga-et-sens.fr\/wp-content\/uploads\/2023\/08\/IMG-20230720-WA0010.webp);\"  tabindex=\"0\">\n                <div class=\"overlay\">\n                                        <div class=\"overlay-inner \">\n                        <h3 class=\"img-accordion-title\">42 \u20ac par mois<\/h3>                            <p><p><span style=\"text-decoration: none\"><span style=\"color: #ffffff\"><a style=\"color: #ffffff;text-decoration: none\" href=\"http:\/\/ambiance-yoga-et-sens.fr\/#contact\">Pour un cours de Yoga chaque semaine<\/a><\/span><\/span><\/p><\/p>\n                                            <\/div>\n                <\/div>\n            <\/div>\n                    \n            <div class=\"eael-image-accordion-hover eael-image-accordion-item\" style=\"background-image: url(https:\/\/ambiance-yoga-et-sens.fr\/wp-content\/uploads\/2023\/08\/IMG-20230720-WA0000_1.webp);\"  tabindex=\"0\">\n                <div class=\"overlay\">\n                                        <div class=\"overlay-inner \">\n                        <h3 class=\"img-accordion-title\">46 \u20ac pour 4 cours<\/h3>                            <p><p><span style=\"text-decoration: none\"><span style=\"color: #ffffff\"><a style=\"color: #ffffff;text-decoration: none\" href=\"http:\/\/ambiance-yoga-et-sens.fr\/#contact\">4 cours de Yoga au choix pour aller \u00e0 votre rythme<\/a><\/span><\/span><\/p><\/p>\n                                            <\/div>\n                <\/div>\n            <\/div>\n                    \n            <div class=\"eael-image-accordion-hover eael-image-accordion-item\" style=\"background-image: url(https:\/\/ambiance-yoga-et-sens.fr\/wp-content\/uploads\/2023\/08\/IMG-20230720-WA0005.webp);\"  tabindex=\"0\">\n                <div class=\"overlay\">\n                                        <div class=\"overlay-inner \">\n                        <h3 class=\"img-accordion-title\">70\u20ac cours particulier<\/h3>                            <p><p><span style=\"text-decoration: none\"><span style=\"color: #ffffff\"><a style=\"color: #ffffff;text-decoration: none\" href=\"http:\/\/ambiance-yoga-et-sens.fr\/#contact\">Un cours de Yoga rien que pour vous<\/a><\/span><\/span><\/p><\/p>\n                                            <\/div>\n                <\/div>\n            <\/div>\n                <\/div>\n        <style typr=\"text\/css\">\n                    #eael-img-accordion-e255e17 .eael-image-accordion-hover:hover {\n                        flex: 3 1 0% !important;\n                    }\n                    #eael-img-accordion-e255e17 .eael-image-accordion-hover:hover:hover .overlay-inner * {\n                        opacity: 1;\n                        visibility: visible;\n                        transform: none;\n                        transition: all .3s .3s;\n                    }\n                <\/style>\t\t\t\t<\/div>\n\t\t\t\t<\/div>\n\t\t\t\t\t<\/div>\n\t\t<\/div>\n\t\t\t\t\t<\/div>\n\t\t<\/section>\n\t\t\t\t<section class=\"elementor-section elementor-top-section elementor-element elementor-element-cacdd1d elementor-section-boxed elementor-section-height-default elementor-section-height-default\" data-id=\"cacdd1d\" data-element_type=\"section\" data-e-type=\"section\">\n\t\t\t\t\t\t<div class=\"elementor-container elementor-column-gap-default\">\n\t\t\t\t\t<div class=\"elementor-column elementor-col-100 elementor-top-column elementor-element elementor-element-fbd23a4\" data-id=\"fbd23a4\" data-element_type=\"column\" data-e-type=\"column\">\n\t\t\t<div class=\"elementor-widget-wrap elementor-element-populated\">\n\t\t\t\t\t\t<div class=\"elementor-element elementor-element-0b2e5f9 elementor-widget elementor-widget-spacer\" data-id=\"0b2e5f9\" data-element_type=\"widget\" data-e-type=\"widget\" data-widget_type=\"spacer.default\">\n\t\t\t\t<div class=\"elementor-widget-container\">\n\t\t\t\t\t\t\t<div class=\"elementor-spacer\">\n\t\t\t<div class=\"elementor-spacer-inner\"><\/div>\n\t\t<\/div>\n\t\t\t\t\t\t<\/div>\n\t\t\t\t<\/div>\n\t\t\t\t<div class=\"elementor-element elementor-element-5c41c01 elementor-widget elementor-widget-menu-anchor\" data-id=\"5c41c01\" data-element_type=\"widget\" data-e-type=\"widget\" data-widget_type=\"menu-anchor.default\">\n\t\t\t\t<div class=\"elementor-widget-container\">\n\t\t\t\t\t\t\t<div class=\"elementor-menu-anchor\" id=\"contact\"><\/div>\n\t\t\t\t\t\t<\/div>\n\t\t\t\t<\/div>\n\t\t\t\t<div class=\"elementor-element elementor-element-2e74083 elementor-widget elementor-widget-heading\" data-id=\"2e74083\" data-element_type=\"widget\" data-e-type=\"widget\" data-widget_type=\"heading.default\">\n\t\t\t\t<div class=\"elementor-widget-container\">\n\t\t\t\t\t<h2 class=\"elementor-heading-title elementor-size-default\">Contact et Horaires<\/h2>\t\t\t\t<\/div>\n\t\t\t\t<\/div>\n\t\t\t\t<section class=\"elementor-section elementor-inner-section elementor-element elementor-element-5105184 elementor-section-boxed elementor-section-height-default elementor-section-height-default\" data-id=\"5105184\" data-element_type=\"section\" data-e-type=\"section\">\n\t\t\t\t\t\t<div class=\"elementor-container elementor-column-gap-default\">\n\t\t\t\t\t<div class=\"elementor-column elementor-col-50 elementor-inner-column elementor-element elementor-element-e2cc222\" data-id=\"e2cc222\" data-element_type=\"column\" data-e-type=\"column\">\n\t\t\t<div class=\"elementor-widget-wrap elementor-element-populated\">\n\t\t\t\t\t\t<div class=\"elementor-element elementor-element-5a7dc5a elementor-widget__width-initial elementor-widget elementor-widget-image\" data-id=\"5a7dc5a\" data-element_type=\"widget\" data-e-type=\"widget\" data-widget_type=\"image.default\">\n\t\t\t\t<div class=\"elementor-widget-container\">\n\t\t\t\t\t\t\t\t\t\t\t\t<figure class=\"wp-caption\">\n\t\t\t\t\t\t\t\t\t\t<img loading=\"lazy\" decoding=\"async\" width=\"768\" height=\"1365\" src=\"https:\/\/ambiance-yoga-et-sens.fr\/wp-content\/uploads\/2024\/01\/Horaires-cours-de-yoga_page-0001-768x1365.jpg\" class=\"attachment-medium_large size-medium_large wp-image-1137\" alt=\"Horaire cours de yoga, le lundi 10H -11h15, le mardi 14h30 -15h45 et le mardi en visio de 18h - 19h15\" srcset=\"https:\/\/ambiance-yoga-et-sens.fr\/wp-content\/uploads\/2024\/01\/Horaires-cours-de-yoga_page-0001-768x1365.jpg 768w, https:\/\/ambiance-yoga-et-sens.fr\/wp-content\/uploads\/2024\/01\/Horaires-cours-de-yoga_page-0001-169x300.jpg 169w, https:\/\/ambiance-yoga-et-sens.fr\/wp-content\/uploads\/2024\/01\/Horaires-cours-de-yoga_page-0001-576x1024.jpg 576w, https:\/\/ambiance-yoga-et-sens.fr\/wp-content\/uploads\/2024\/01\/Horaires-cours-de-yoga_page-0001-864x1536.jpg 864w, https:\/\/ambiance-yoga-et-sens.fr\/wp-content\/uploads\/2024\/01\/Horaires-cours-de-yoga_page-0001-1152x2048.jpg 1152w, https:\/\/ambiance-yoga-et-sens.fr\/wp-content\/uploads\/2024\/01\/Horaires-cours-de-yoga_page-0001-scaled.jpg 1440w\" sizes=\"(max-width: 768px) 100vw, 768px\" \/>\t\t\t\t\t\t\t\t\t\t\t<figcaption class=\"widget-image-caption wp-caption-text\"><\/figcaption>\n\t\t\t\t\t\t\t\t\t\t<\/figure>\n\t\t\t\t\t\t\t\t\t<\/div>\n\t\t\t\t<\/div>\n\t\t\t\t\t<\/div>\n\t\t<\/div>\n\t\t\t\t<div class=\"elementor-column elementor-col-50 elementor-inner-column elementor-element elementor-element-610d0a7\" data-id=\"610d0a7\" data-element_type=\"column\" data-e-type=\"column\">\n\t\t\t<div class=\"elementor-widget-wrap elementor-element-populated\">\n\t\t\t\t\t\t<div class=\"elementor-element elementor-element-d427c86 elementor-widget elementor-widget-text-editor\" data-id=\"d427c86\" data-element_type=\"widget\" data-e-type=\"widget\" data-widget_type=\"text-editor.default\">\n\t\t\t\t<div class=\"elementor-widget-container\">\n\t\t\t\t\t\t\t\t\t<div class=\"page\" title=\"Page 1\"><div class=\"section\"><div class=\"layoutArea\"><div class=\"column\"><p>Adresse : <em><strong>401 av. Vulcain a\u0300 la Teste studio \u00ab Danse et Compagnie \u00bb<\/strong><\/em><\/p><p>Pour r\u00e9server une s\u00e9ance contactez moi :<\/p><p>Par t\u00e9l\u00e9phone : <a style=\"text-decoration: none;\" href=\"tel:+33661091263\"><strong>06 61 09 12 63<\/strong><\/a><\/p><p>Par mail : <a style=\"text-decoration: none;\" href=\"mailto:catherine.katy33@gmail.com\"><strong>catherine.katy33@gmail.com<\/strong><\/a><\/p><\/div><\/div><\/div><\/div>\t\t\t\t\t\t\t\t<\/div>\n\t\t\t\t<\/div>\n\t\t\t\t\t<\/div>\n\t\t<\/div>\n\t\t\t\t\t<\/div>\n\t\t<\/section>\n\t\t\t\t<div class=\"elementor-element elementor-element-af08223 elementor-widget elementor-widget-spacer\" data-id=\"af08223\" data-element_type=\"widget\" data-e-type=\"widget\" data-widget_type=\"spacer.default\">\n\t\t\t\t<div class=\"elementor-widget-container\">\n\t\t\t\t\t\t\t<div class=\"elementor-spacer\">\n\t\t\t<div class=\"elementor-spacer-inner\"><\/div>\n\t\t<\/div>\n\t\t\t\t\t\t<\/div>\n\t\t\t\t<\/div>\n\t\t\t\t\t<\/div>\n\t\t<\/div>\n\t\t\t\t\t<\/div>\n\t\t<\/section>\n\t\t\t\t<section class=\"elementor-section elementor-top-section elementor-element elementor-element-cb968d7 elementor-section-boxed elementor-section-height-default elementor-section-height-default\" data-id=\"cb968d7\" data-element_type=\"section\" data-e-type=\"section\">\n\t\t\t\t\t\t<div class=\"elementor-container elementor-column-gap-default\">\n\t\t\t\t\t<div class=\"elementor-column elementor-col-100 elementor-top-column elementor-element elementor-element-fb9e1cd\" data-id=\"fb9e1cd\" data-element_type=\"column\" data-e-type=\"column\">\n\t\t\t<div class=\"elementor-widget-wrap elementor-element-populated\">\n\t\t\t\t\t\t<div class=\"elementor-element elementor-element-f76d4b8 elementor-widget elementor-widget-google_maps\" data-id=\"f76d4b8\" data-element_type=\"widget\" data-e-type=\"widget\" data-widget_type=\"google_maps.default\">\n\t\t\t\t<div class=\"elementor-widget-container\">\n\t\t\t\t\t\t\t<div class=\"elementor-custom-embed\">\n\t\t\t<iframe loading=\"lazy\"\n\t\t\t\t\tsrc=\"https:\/\/maps.google.com\/maps?q=401%20avenue%20vulcain%2C%20La%20teste&#038;t=m&#038;z=12&#038;output=embed&#038;iwloc=near\"\n\t\t\t\t\ttitle=\"401 avenue vulcain, La teste\"\n\t\t\t\t\taria-label=\"401 avenue vulcain, La teste\"\n\t\t\t><\/iframe>\n\t\t<\/div>\n\t\t\t\t\t\t<\/div>\n\t\t\t\t<\/div>\n\t\t\t\t<div class=\"elementor-element elementor-element-f25a9b9 elementor-widget elementor-widget-spacer\" data-id=\"f25a9b9\" data-element_type=\"widget\" data-e-type=\"widget\" data-widget_type=\"spacer.default\">\n\t\t\t\t<div class=\"elementor-widget-container\">\n\t\t\t\t\t\t\t<div class=\"elementor-spacer\">\n\t\t\t<div class=\"elementor-spacer-inner\"><\/div>\n\t\t<\/div>\n\t\t\t\t\t\t<\/div>\n\t\t\t\t<\/div>\n\t\t\t\t\t<\/div>\n\t\t<\/div>\n\t\t\t\t\t<\/div>\n\t\t<\/section>\n\t\t\t\t<section class=\"elementor-section elementor-top-section elementor-element elementor-element-9260287 elementor-section-boxed elementor-section-height-default elementor-section-height-default\" data-id=\"9260287\" data-element_type=\"section\" data-e-type=\"section\">\n\t\t\t\t\t\t<div class=\"elementor-container elementor-column-gap-default\">\n\t\t\t\t\t<div class=\"elementor-column elementor-col-100 elementor-top-column elementor-element elementor-element-71e62fe\" data-id=\"71e62fe\" data-element_type=\"column\" data-e-type=\"column\">\n\t\t\t<div class=\"elementor-widget-wrap elementor-element-populated\">\n\t\t\t\t\t\t<div class=\"elementor-element elementor-element-b8a7f76 elementor-widget elementor-widget-heading\" data-id=\"b8a7f76\" data-element_type=\"widget\" data-e-type=\"widget\" data-widget_type=\"heading.default\">\n\t\t\t\t<div class=\"elementor-widget-container\">\n\t\t\t\t\t<h2 class=\"elementor-heading-title elementor-size-default\">D\u00e9couvrez aussi<\/h2>\t\t\t\t<\/div>\n\t\t\t\t<\/div>\n\t\t\t\t\t<\/div>\n\t\t<\/div>\n\t\t\t\t\t<\/div>\n\t\t<\/section>\n\t\t\t\t<section class=\"elementor-section elementor-top-section elementor-element elementor-element-b8502bc elementor-section-boxed elementor-section-height-default elementor-section-height-default\" data-id=\"b8502bc\" data-element_type=\"section\" data-e-type=\"section\">\n\t\t\t\t\t\t<div class=\"elementor-container elementor-column-gap-default\">\n\t\t\t\t\t<div class=\"elementor-column elementor-col-25 elementor-top-column elementor-element elementor-element-aace420\" data-id=\"aace420\" data-element_type=\"column\" data-e-type=\"column\">\n\t\t\t<div class=\"elementor-widget-wrap elementor-element-populated\">\n\t\t\t\t\t\t<div class=\"elementor-element elementor-element-34a2114 elementor-widget elementor-widget-image\" data-id=\"34a2114\" data-element_type=\"widget\" data-e-type=\"widget\" data-widget_type=\"image.default\">\n\t\t\t\t<div class=\"elementor-widget-container\">\n\t\t\t\t\t\t\t\t\t\t\t\t\t\t\t\t<a href=\"https:\/\/reflexologie-pyla.fr\/\" target=\"_blank\">\n\t\t\t\t\t\t\t<img decoding=\"async\" src=\"https:\/\/ambiance-yoga-et-sens.fr\/wp-content\/uploads\/elementor\/thumbs\/Design-sans-titre6-qbwmyp98291mlpyz3cznwxrqlwlqon238xn9hhqjf4.png\" title=\"Image du pied\" alt=\"Peinture d&#039;un pied vu de dessous avec des couleurs.\" loading=\"lazy\" \/>\t\t\t\t\t\t\t\t<\/a>\n\t\t\t\t\t\t\t\t\t\t\t\t\t\t\t<\/div>\n\t\t\t\t<\/div>\n\t\t\t\t<div class=\"elementor-element elementor-element-8c1e448 elementor-widget elementor-widget-text-editor\" data-id=\"8c1e448\" data-element_type=\"widget\" data-e-type=\"widget\" data-widget_type=\"text-editor.default\">\n\t\t\t\t<div class=\"elementor-widget-container\">\n\t\t\t\t\t\t\t\t\tCatherine Pons, R\u00e9flexologue au sud du bassin d&rsquo;Arcachon : <a href=\"https:\/\/reflexologie-pyla.fr\/\" rel=\"noopener\">reflexologie-pyla.fr<\/a>\t\t\t\t\t\t\t\t<\/div>\n\t\t\t\t<\/div>\n\t\t\t\t\t<\/div>\n\t\t<\/div>\n\t\t\t\t<div class=\"elementor-column elementor-col-25 elementor-top-column elementor-element elementor-element-44dce0d\" data-id=\"44dce0d\" data-element_type=\"column\" data-e-type=\"column\">\n\t\t\t<div class=\"elementor-widget-wrap elementor-element-populated\">\n\t\t\t\t\t\t<div class=\"elementor-element elementor-element-7124aa3 elementor-widget elementor-widget-image\" data-id=\"7124aa3\" data-element_type=\"widget\" data-e-type=\"widget\" data-widget_type=\"image.default\">\n\t\t\t\t<div class=\"elementor-widget-container\">\n\t\t\t\t\t\t\t\t\t\t\t\t\t\t\t<img loading=\"lazy\" decoding=\"async\" width=\"200\" height=\"200\" src=\"https:\/\/ambiance-yoga-et-sens.fr\/wp-content\/uploads\/2023\/07\/1.png\" class=\"attachment-full size-full wp-image-583\" alt=\"Image de l&#039;illustratrice les jeanette\" srcset=\"https:\/\/ambiance-yoga-et-sens.fr\/wp-content\/uploads\/2023\/07\/1.png 200w, https:\/\/ambiance-yoga-et-sens.fr\/wp-content\/uploads\/2023\/07\/1-150x150.png 150w\" sizes=\"(max-width: 200px) 100vw, 200px\" \/>\t\t\t\t\t\t\t\t\t\t\t\t\t\t\t<\/div>\n\t\t\t\t<\/div>\n\t\t\t\t<div class=\"elementor-element elementor-element-6c91d7d elementor-widget elementor-widget-text-editor\" data-id=\"6c91d7d\" data-element_type=\"widget\" data-e-type=\"widget\" data-widget_type=\"text-editor.default\">\n\t\t\t\t<div class=\"elementor-widget-container\">\n\t\t\t\t\t\t\t\t\t<p>Albane Ployart Illustratrice les Jeanette<\/p>\t\t\t\t\t\t\t\t<\/div>\n\t\t\t\t<\/div>\n\t\t\t\t\t<\/div>\n\t\t<\/div>\n\t\t\t\t<div class=\"elementor-column elementor-col-25 elementor-top-column elementor-element elementor-element-d267451\" data-id=\"d267451\" data-element_type=\"column\" data-e-type=\"column\">\n\t\t\t<div class=\"elementor-widget-wrap elementor-element-populated\">\n\t\t\t\t\t\t<div class=\"elementor-element elementor-element-63862df elementor-widget elementor-widget-image\" data-id=\"63862df\" data-element_type=\"widget\" data-e-type=\"widget\" data-widget_type=\"image.default\">\n\t\t\t\t<div class=\"elementor-widget-container\">\n\t\t\t\t\t\t\t\t\t\t\t\t\t\t\t\t<a href=\"https:\/\/www.danseetcompagnielateste.fr\/\" target=\"_blank\">\n\t\t\t\t\t\t\t<img decoding=\"async\" src=\"https:\/\/ambiance-yoga-et-sens.fr\/wp-content\/uploads\/elementor\/thumbs\/Danse_et_compagnie-qbws0fdxd5tb7q05xwv1z2vx3oweu0hw8e6pncaggg.png\" title=\"Danse_et_compagnie\" alt=\"Photo arrondie du studio &quot; danse et compagnie &quot;.\" loading=\"lazy\" \/>\t\t\t\t\t\t\t\t<\/a>\n\t\t\t\t\t\t\t\t\t\t\t\t\t\t\t<\/div>\n\t\t\t\t<\/div>\n\t\t\t\t<div class=\"elementor-element elementor-element-bf5021a elementor-widget elementor-widget-text-editor\" data-id=\"bf5021a\" data-element_type=\"widget\" data-e-type=\"widget\" data-widget_type=\"text-editor.default\">\n\t\t\t\t<div class=\"elementor-widget-container\">\n\t\t\t\t\t\t\t\t\t<p>Danse et compagnie association de danse \u00e0 la Teste : <a href=\"https:\/\/www.danseetcompagnielateste.fr\">danseetcompagnielateste.fr<\/a><\/p>\t\t\t\t\t\t\t\t<\/div>\n\t\t\t\t<\/div>\n\t\t\t\t\t<\/div>\n\t\t<\/div>\n\t\t\t\t<div class=\"elementor-column elementor-col-25 elementor-top-column elementor-element elementor-element-cf65fdd\" data-id=\"cf65fdd\" data-element_type=\"column\" data-e-type=\"column\">\n\t\t\t<div class=\"elementor-widget-wrap elementor-element-populated\">\n\t\t\t\t\t\t<div class=\"elementor-element elementor-element-05ae099 elementor-widget elementor-widget-image\" data-id=\"05ae099\" data-element_type=\"widget\" data-e-type=\"widget\" data-widget_type=\"image.default\">\n\t\t\t\t<div class=\"elementor-widget-container\">\n\t\t\t\t\t\t\t\t\t\t\t\t\t\t\t\t<a href=\"https:\/\/creaonline.fr\/\" target=\"_blank\">\n\t\t\t\t\t\t\t<img decoding=\"async\" src=\"https:\/\/ambiance-yoga-et-sens.fr\/wp-content\/uploads\/elementor\/thumbs\/Logo-CreaOnline1-qq9lq71gqzeyojr6p52yjxe9jtiwi2ytz53bz4lnf4.png\" title=\"Logo Cr\u00e9a&rsquo;Online(1)\" alt=\"Logo Cr\u00e9a&#039;Online(1)\" loading=\"lazy\" \/>\t\t\t\t\t\t\t\t<\/a>\n\t\t\t\t\t\t\t\t\t\t\t\t\t\t\t<\/div>\n\t\t\t\t<\/div>\n\t\t\t\t<div class=\"elementor-element elementor-element-84cb2fb elementor-widget elementor-widget-text-editor\" data-id=\"84cb2fb\" data-element_type=\"widget\" data-e-type=\"widget\" data-widget_type=\"text-editor.default\">\n\t\t\t\t<div class=\"elementor-widget-container\">\n\t\t\t\t\t\t\t\t\t<p>Cr\u00e9a&rsquo;Online, cr\u00e9ation de sites internet : <a href=\"https:\/\/creaonline.fr\/\">creaonline.fr<\/a><\/p>\t\t\t\t\t\t\t\t<\/div>\n\t\t\t\t<\/div>\n\t\t\t\t\t<\/div>\n\t\t<\/div>\n\t\t\t\t\t<\/div>\n\t\t<\/section>\n\t\t\t\t<\/div>\n\t\t","protected":false},"excerpt":{"rendered":"<p>Yoga au sud du Bassin d&rsquo;Arcachon Les cours sont assur\u00e9s par Catherine Pons, enseignante en \u00ab\u00a0Yoga de l&rsquo;Energie\u00a0\u00bb &#8211; certifi\u00e9e de l&rsquo;Ecole fran\u00e7aise de Yoga du Sud-ouest (EFYSO), titulaire de la F\u00e9d\u00e9ration nationale des enseignants de yoga (FNEY).\u00a0R\u00e9flexologue depuis plusieurs ann\u00e9es, c&rsquo;est la r\u00e9flexologie qui m&rsquo;a guid\u00e9e tout naturellement vers le yoga.Je d\u00e9couvre \u00e0 travers [&hellip;]<\/p>\n","protected":false},"author":1,"featured_media":0,"parent":0,"menu_order":0,"comment_status":"closed","ping_status":"closed","template":"","meta":{"site-sidebar-layout":"no-sidebar","site-content-layout":"page-builder","ast-site-content-layout":"full-width-container","site-content-style":"unboxed","site-sidebar-style":"unboxed","ast-global-header-display":"","ast-banner-title-visibility":"","ast-main-header-display":"","ast-hfb-above-header-display":"","ast-hfb-below-header-display":"","ast-hfb-mobile-header-display":"","site-post-title":"disabled","ast-breadcrumbs-content":"","ast-featured-img":"disabled","footer-sml-layout":"","ast-disable-related-posts":"","theme-transparent-header-meta":"","adv-header-id-meta":"","stick-header-meta":"","header-above-stick-meta":"","header-main-stick-meta":"","header-below-stick-meta":"","astra-migrate-meta-layouts":"set","ast-page-background-enabled":"default","ast-page-background-meta":{"desktop":{"background-color":"var(--ast-global-color-4)","background-image":"","background-repeat":"repeat","background-position":"center center","background-size":"auto","background-attachment":"scroll","background-type":"","background-media":"","overlay-type":"","overlay-color":"","overlay-opacity":"","overlay-gradient":""},"tablet":{"background-color":"","background-image":"","background-repeat":"repeat","background-position":"center center","background-size":"auto","background-attachment":"scroll","background-type":"","background-media":"","overlay-type":"","overlay-color":"","overlay-opacity":"","overlay-gradient":""},"mobile":{"background-color":"","background-image":"","background-repeat":"repeat","background-position":"center center","background-size":"auto","background-attachment":"scroll","background-type":"","background-media":"","overlay-type":"","overlay-color":"","overlay-opacity":"","overlay-gradient":""}},"ast-content-background-meta":{"desktop":{"background-color":"var(--ast-global-color-5)","background-image":"","background-repeat":"repeat","background-position":"center center","background-size":"auto","background-attachment":"scroll","background-type":"","background-media":"","overlay-type":"","overlay-color":"","overlay-opacity":"","overlay-gradient":""},"tablet":{"background-color":"var(--ast-global-color-5)","background-image":"","background-repeat":"repeat","background-position":"center center","background-size":"auto","background-attachment":"scroll","background-type":"","background-media":"","overlay-type":"","overlay-color":"","overlay-opacity":"","overlay-gradient":""},"mobile":{"background-color":"var(--ast-global-color-5)","background-image":"","background-repeat":"repeat","background-position":"center center","background-size":"auto","background-attachment":"scroll","background-type":"","background-media":"","overlay-type":"","overlay-color":"","overlay-opacity":"","overlay-gradient":""}},"footnotes":""},"class_list":["post-15","page","type-page","status-publish","hentry"],"yoast_head":"<!-- This site is optimized with the Yoast SEO plugin v27.3 - https:\/\/yoast.com\/product\/yoast-seo-wordpress\/ -->\n<title>Yoga de l&#039;\u00e9nergie bassin d&#039;Arcachon - Yoga ambiance et sens<\/title>\n<meta name=\"description\" content=\"Catherine Pons professeur de yoga de l&#039;\u00e9nergie dans le sud du bassin d&#039;Arcachon vous propose des s\u00e9ances et cours de yoga subtil.\" \/>\n<meta name=\"robots\" content=\"index, follow, max-snippet:-1, max-image-preview:large, max-video-preview:-1\" \/>\n<link rel=\"canonical\" href=\"https:\/\/ambiance-yoga-et-sens.fr\/\" \/>\n<meta property=\"og:locale\" content=\"fr_FR\" \/>\n<meta property=\"og:type\" content=\"article\" \/>\n<meta property=\"og:title\" content=\"Yoga de l&#039;\u00e9nergie bassin d&#039;Arcachon - Yoga ambiance et sens\" \/>\n<meta property=\"og:description\" content=\"Catherine Pons professeur de yoga de l&#039;\u00e9nergie dans le sud du bassin d&#039;Arcachon vous propose des s\u00e9ances et cours de yoga subtil.\" \/>\n<meta property=\"og:url\" content=\"https:\/\/ambiance-yoga-et-sens.fr\/\" \/>\n<meta property=\"og:site_name\" content=\"Yoga ambiance et sens\" \/>\n<meta property=\"article:modified_time\" content=\"2025-09-23T13:18:58+00:00\" \/>\n<meta property=\"og:image\" content=\"https:\/\/ambiance-yoga-et-sens.fr\/wp-content\/uploads\/2025\/07\/energie_yoga_et_sens_2_2.webp\" \/>\n\t<meta property=\"og:image:width\" content=\"1333\" \/>\n\t<meta property=\"og:image:height\" content=\"1816\" \/>\n\t<meta property=\"og:image:type\" content=\"image\/webp\" \/>\n<meta name=\"twitter:card\" content=\"summary_large_image\" \/>\n<meta name=\"twitter:label1\" content=\"Dur\u00e9e de lecture estim\u00e9e\" \/>\n\t<meta name=\"twitter:data1\" content=\"5 minutes\" \/>\n<script type=\"application\/ld+json\" class=\"yoast-schema-graph\">{\"@context\":\"https:\\\/\\\/schema.org\",\"@graph\":[{\"@type\":\"WebPage\",\"@id\":\"https:\\\/\\\/ambiance-yoga-et-sens.fr\\\/\",\"url\":\"https:\\\/\\\/ambiance-yoga-et-sens.fr\\\/\",\"name\":\"Yoga de l'\u00e9nergie bassin d'Arcachon - Yoga ambiance et sens\",\"isPartOf\":{\"@id\":\"https:\\\/\\\/ambiance-yoga-et-sens.fr\\\/#website\"},\"primaryImageOfPage\":{\"@id\":\"https:\\\/\\\/ambiance-yoga-et-sens.fr\\\/#primaryimage\"},\"image\":{\"@id\":\"https:\\\/\\\/ambiance-yoga-et-sens.fr\\\/#primaryimage\"},\"thumbnailUrl\":\"https:\\\/\\\/ambiance-yoga-et-sens.fr\\\/wp-content\\\/uploads\\\/2025\\\/07\\\/energie_yoga_et_sens_2_2.webp\",\"datePublished\":\"2022-03-04T11:40:18+00:00\",\"dateModified\":\"2025-09-23T13:18:58+00:00\",\"description\":\"Catherine Pons professeur de yoga de l'\u00e9nergie dans le sud du bassin d'Arcachon vous propose des s\u00e9ances et cours de yoga subtil.\",\"breadcrumb\":{\"@id\":\"https:\\\/\\\/ambiance-yoga-et-sens.fr\\\/#breadcrumb\"},\"inLanguage\":\"fr-FR\",\"potentialAction\":[{\"@type\":\"ReadAction\",\"target\":[\"https:\\\/\\\/ambiance-yoga-et-sens.fr\\\/\"]}]},{\"@type\":\"ImageObject\",\"inLanguage\":\"fr-FR\",\"@id\":\"https:\\\/\\\/ambiance-yoga-et-sens.fr\\\/#primaryimage\",\"url\":\"https:\\\/\\\/ambiance-yoga-et-sens.fr\\\/wp-content\\\/uploads\\\/2025\\\/07\\\/energie_yoga_et_sens_2_2.webp\",\"contentUrl\":\"https:\\\/\\\/ambiance-yoga-et-sens.fr\\\/wp-content\\\/uploads\\\/2025\\\/07\\\/energie_yoga_et_sens_2_2.webp\",\"width\":1333,\"height\":1816,\"caption\":\"\\\"Les Jeanette\\\". Ces \u0153uvres sont prot\u00e9g\u00e9es par le droit d\u2019auteur.\"},{\"@type\":\"BreadcrumbList\",\"@id\":\"https:\\\/\\\/ambiance-yoga-et-sens.fr\\\/#breadcrumb\",\"itemListElement\":[{\"@type\":\"ListItem\",\"position\":1,\"name\":\"Accueil\",\"item\":\"https:\\\/\\\/ambiance-yoga-et-sens.fr\\\/\"},{\"@type\":\"ListItem\",\"position\":2,\"name\":\"Yoga de l&rsquo;\u00e9nergie bassin d&rsquo;Arcachon\"}]},{\"@type\":\"WebSite\",\"@id\":\"https:\\\/\\\/ambiance-yoga-et-sens.fr\\\/#website\",\"url\":\"https:\\\/\\\/ambiance-yoga-et-sens.fr\\\/\",\"name\":\"Yoga ambiance et sens\",\"description\":\"Yoga ambiance et sens\",\"publisher\":{\"@id\":\"https:\\\/\\\/ambiance-yoga-et-sens.fr\\\/#organization\"},\"potentialAction\":[{\"@type\":\"SearchAction\",\"target\":{\"@type\":\"EntryPoint\",\"urlTemplate\":\"https:\\\/\\\/ambiance-yoga-et-sens.fr\\\/?s={search_term_string}\"},\"query-input\":{\"@type\":\"PropertyValueSpecification\",\"valueRequired\":true,\"valueName\":\"search_term_string\"}}],\"inLanguage\":\"fr-FR\"},{\"@type\":\"Organization\",\"@id\":\"https:\\\/\\\/ambiance-yoga-et-sens.fr\\\/#organization\",\"name\":\"Yoga ambiance et sens\",\"url\":\"https:\\\/\\\/ambiance-yoga-et-sens.fr\\\/\",\"logo\":{\"@type\":\"ImageObject\",\"inLanguage\":\"fr-FR\",\"@id\":\"https:\\\/\\\/ambiance-yoga-et-sens.fr\\\/#\\\/schema\\\/logo\\\/image\\\/\",\"url\":\"https:\\\/\\\/ambiance-yoga-et-sens.fr\\\/wp-content\\\/uploads\\\/2022\\\/03\\\/logo_yoga_et_sens-scaled.png\",\"contentUrl\":\"https:\\\/\\\/ambiance-yoga-et-sens.fr\\\/wp-content\\\/uploads\\\/2022\\\/03\\\/logo_yoga_et_sens-scaled.png\",\"width\":2560,\"height\":785,\"caption\":\"Yoga ambiance et sens\"},\"image\":{\"@id\":\"https:\\\/\\\/ambiance-yoga-et-sens.fr\\\/#\\\/schema\\\/logo\\\/image\\\/\"}}]}<\/script>\n<!-- \/ Yoast SEO plugin. -->","yoast_head_json":{"title":"Yoga de l'\u00e9nergie bassin d'Arcachon - Yoga ambiance et sens","description":"Catherine Pons professeur de yoga de l'\u00e9nergie dans le sud du bassin d'Arcachon vous propose des s\u00e9ances et cours de yoga subtil.","robots":{"index":"index","follow":"follow","max-snippet":"max-snippet:-1","max-image-preview":"max-image-preview:large","max-video-preview":"max-video-preview:-1"},"canonical":"https:\/\/ambiance-yoga-et-sens.fr\/","og_locale":"fr_FR","og_type":"article","og_title":"Yoga de l'\u00e9nergie bassin d'Arcachon - Yoga ambiance et sens","og_description":"Catherine Pons professeur de yoga de l'\u00e9nergie dans le sud du bassin d'Arcachon vous propose des s\u00e9ances et cours de yoga subtil.","og_url":"https:\/\/ambiance-yoga-et-sens.fr\/","og_site_name":"Yoga ambiance et sens","article_modified_time":"2025-09-23T13:18:58+00:00","og_image":[{"width":1333,"height":1816,"url":"https:\/\/ambiance-yoga-et-sens.fr\/wp-content\/uploads\/2025\/07\/energie_yoga_et_sens_2_2.webp","type":"image\/webp"}],"twitter_card":"summary_large_image","twitter_misc":{"Dur\u00e9e de lecture estim\u00e9e":"5 minutes"},"schema":{"@context":"https:\/\/schema.org","@graph":[{"@type":"WebPage","@id":"https:\/\/ambiance-yoga-et-sens.fr\/","url":"https:\/\/ambiance-yoga-et-sens.fr\/","name":"Yoga de l'\u00e9nergie bassin d'Arcachon - Yoga ambiance et sens","isPartOf":{"@id":"https:\/\/ambiance-yoga-et-sens.fr\/#website"},"primaryImageOfPage":{"@id":"https:\/\/ambiance-yoga-et-sens.fr\/#primaryimage"},"image":{"@id":"https:\/\/ambiance-yoga-et-sens.fr\/#primaryimage"},"thumbnailUrl":"https:\/\/ambiance-yoga-et-sens.fr\/wp-content\/uploads\/2025\/07\/energie_yoga_et_sens_2_2.webp","datePublished":"2022-03-04T11:40:18+00:00","dateModified":"2025-09-23T13:18:58+00:00","description":"Catherine Pons professeur de yoga de l'\u00e9nergie dans le sud du bassin d'Arcachon vous propose des s\u00e9ances et cours de yoga subtil.","breadcrumb":{"@id":"https:\/\/ambiance-yoga-et-sens.fr\/#breadcrumb"},"inLanguage":"fr-FR","potentialAction":[{"@type":"ReadAction","target":["https:\/\/ambiance-yoga-et-sens.fr\/"]}]},{"@type":"ImageObject","inLanguage":"fr-FR","@id":"https:\/\/ambiance-yoga-et-sens.fr\/#primaryimage","url":"https:\/\/ambiance-yoga-et-sens.fr\/wp-content\/uploads\/2025\/07\/energie_yoga_et_sens_2_2.webp","contentUrl":"https:\/\/ambiance-yoga-et-sens.fr\/wp-content\/uploads\/2025\/07\/energie_yoga_et_sens_2_2.webp","width":1333,"height":1816,"caption":"\"Les Jeanette\". Ces \u0153uvres sont prot\u00e9g\u00e9es par le droit d\u2019auteur."},{"@type":"BreadcrumbList","@id":"https:\/\/ambiance-yoga-et-sens.fr\/#breadcrumb","itemListElement":[{"@type":"ListItem","position":1,"name":"Accueil","item":"https:\/\/ambiance-yoga-et-sens.fr\/"},{"@type":"ListItem","position":2,"name":"Yoga de l&rsquo;\u00e9nergie bassin d&rsquo;Arcachon"}]},{"@type":"WebSite","@id":"https:\/\/ambiance-yoga-et-sens.fr\/#website","url":"https:\/\/ambiance-yoga-et-sens.fr\/","name":"Yoga ambiance et sens","description":"Yoga ambiance et sens","publisher":{"@id":"https:\/\/ambiance-yoga-et-sens.fr\/#organization"},"potentialAction":[{"@type":"SearchAction","target":{"@type":"EntryPoint","urlTemplate":"https:\/\/ambiance-yoga-et-sens.fr\/?s={search_term_string}"},"query-input":{"@type":"PropertyValueSpecification","valueRequired":true,"valueName":"search_term_string"}}],"inLanguage":"fr-FR"},{"@type":"Organization","@id":"https:\/\/ambiance-yoga-et-sens.fr\/#organization","name":"Yoga ambiance et sens","url":"https:\/\/ambiance-yoga-et-sens.fr\/","logo":{"@type":"ImageObject","inLanguage":"fr-FR","@id":"https:\/\/ambiance-yoga-et-sens.fr\/#\/schema\/logo\/image\/","url":"https:\/\/ambiance-yoga-et-sens.fr\/wp-content\/uploads\/2022\/03\/logo_yoga_et_sens-scaled.png","contentUrl":"https:\/\/ambiance-yoga-et-sens.fr\/wp-content\/uploads\/2022\/03\/logo_yoga_et_sens-scaled.png","width":2560,"height":785,"caption":"Yoga ambiance et sens"},"image":{"@id":"https:\/\/ambiance-yoga-et-sens.fr\/#\/schema\/logo\/image\/"}}]}},"_links":{"self":[{"href":"https:\/\/ambiance-yoga-et-sens.fr\/index.php\/wp-json\/wp\/v2\/pages\/15","targetHints":{"allow":["GET"]}}],"collection":[{"href":"https:\/\/ambiance-yoga-et-sens.fr\/index.php\/wp-json\/wp\/v2\/pages"}],"about":[{"href":"https:\/\/ambiance-yoga-et-sens.fr\/index.php\/wp-json\/wp\/v2\/types\/page"}],"author":[{"embeddable":true,"href":"https:\/\/ambiance-yoga-et-sens.fr\/index.php\/wp-json\/wp\/v2\/users\/1"}],"replies":[{"embeddable":true,"href":"https:\/\/ambiance-yoga-et-sens.fr\/index.php\/wp-json\/wp\/v2\/comments?post=15"}],"version-history":[{"count":801,"href":"https:\/\/ambiance-yoga-et-sens.fr\/index.php\/wp-json\/wp\/v2\/pages\/15\/revisions"}],"predecessor-version":[{"id":1275,"href":"https:\/\/ambiance-yoga-et-sens.fr\/index.php\/wp-json\/wp\/v2\/pages\/15\/revisions\/1275"}],"wp:attachment":[{"href":"https:\/\/ambiance-yoga-et-sens.fr\/index.php\/wp-json\/wp\/v2\/media?parent=15"}],"curies":[{"name":"wp","href":"https:\/\/api.w.org\/{rel}","templated":true}]}}