{"id":1277,"date":"2025-10-01T10:46:19","date_gmt":"2025-10-01T08:46:19","guid":{"rendered":"https:\/\/ambiance-yoga-et-sens.fr\/?page_id=1277"},"modified":"2025-10-01T10:46:20","modified_gmt":"2025-10-01T08:46:20","slug":"polique-de-confidentialite","status":"publish","type":"page","link":"https:\/\/ambiance-yoga-et-sens.fr\/index.php\/polique-de-confidentialite\/","title":{"rendered":"Politique de confidentialit\u00e9"},"content":{"rendered":"\n<div class=\"wp-block-group is-vertical is-layout-flex wp-container-core-group-is-layout-fe9cc265 wp-block-group-is-layout-flex\">\n<h1 class=\"wp-block-heading\">Politique de confidentialit\u00e9<\/h1>\n\n\n\n<h2 class=\"wp-block-heading has-text-color has-link-color wp-elements-a6ceb197b20551287621c12243af9428\" style=\"color:#fb6060\"><strong>Qui sommes-nous\u00a0?<\/strong><\/h2>\n\n\n\n<p>L\u2019adresse de notre site est\u00a0: <strong><a href=\"https:\/\/ambiance-yoga-et-sens.fr\/\">https:\/\/ambiance-yoga-et-sens.fr\/<\/a><\/strong>.<\/p>\n\n\n\n<h2 class=\"wp-block-heading has-text-color has-link-color wp-elements-a0ca48866bc308546e5dec08b1b45172\" style=\"color:#fb6060\"><strong>ARTICLE 1 : PR\u00c9AMBULE\u00a0<\/strong><\/h2>\n\n\n\n<p>La pr\u00e9sente politique de confidentialit\u00e9 a pour but d\u2019informer les utilisateurs du site :&nbsp;<\/p>\n\n\n\n<ul class=\"wp-block-list\">\n<li>Sur la mani\u00e8re dont sont collect\u00e9es leurs donn\u00e9es personnelles. Sont consid\u00e9r\u00e9es comme des donn\u00e9es personnelles, toute information permettant d\u2019identifier un utilisateur. A ce titre, il peut s\u2019agir : de ses noms et pr\u00e9noms, de son \u00e2ge, de son adresse postale ou e-mail, de sa localisation ou encore de son adresse IP (liste non-exhaustive) ;<\/li>\n\n\n\n<li>Sur les droits dont ils disposent concernant ces donn\u00e9es ;\u00a0<\/li>\n\n\n\n<li>Sur la personne responsable du traitement des donn\u00e9es \u00e0 caract\u00e8re personnel collect\u00e9es et trait\u00e9es ;\u00a0<\/li>\n\n\n\n<li>Sur les destinataires de ces donn\u00e9es personnelles ;\u00a0<\/li>\n\n\n\n<li>Sur la politique du site en mati\u00e8re de cookies.\u00a0<\/li>\n<\/ul>\n\n\n\n<p>Cette politique compl\u00e8te les mentions l\u00e9gales et les Conditions G\u00e9n\u00e9rales d\u2019Utilisation consultables par les utilisateurs \u00e0 l\u2019adresse suivante : <strong><a href=\"https:\/\/ambiance-yoga-et-sens.fr\/index.php\/mentions-legales\/\">mentions l\u00e9gales<\/a><\/strong>\u00a0et <strong><a href=\"https:\/\/ambiance-yoga-et-sens.fr\/index.php\/conditions-generales-dutilisation\/\">CGU<\/a><\/strong>.<\/p>\n\n\n\n<h2 class=\"wp-block-heading has-text-color has-link-color wp-elements-25072ef04cf1251292f6e2325bd95d9f\" style=\"color:#fb6060\"><strong>ARTICLE 2 : PRINCIPES RELATIFS \u00c0 LA COLLECTE ET AU TRAITEMENT DES DONN\u00c9ES PERSONNELLES\u00a0\u00a0<\/strong><\/h2>\n\n\n\n<p>Conform\u00e9ment \u00e0 l\u2019article 5 du R\u00e8glement europ\u00e9en 2016\/679, les donn\u00e9es \u00e0 caract\u00e8re personnel sont :<\/p>\n\n\n\n<ul class=\"wp-block-list\">\n<li>Trait\u00e9es de mani\u00e8re licite, loyale et transparente au regard de la personne concern\u00e9e\u00a0 ;<\/li>\n\n\n\n<li>Collect\u00e9es pour des finalit\u00e9s d\u00e9termin\u00e9es (cf. Article 3.1 des pr\u00e9sentes), explicites et l\u00e9gitimes, et ne pas \u00eatre trait\u00e9es ult\u00e9rieurement d\u2019une mani\u00e8re incompatible avec ces finalit\u00e9s ;<\/li>\n\n\n\n<li>Ad\u00e9quates, pertinentes et limit\u00e9es \u00e0 ce qui est n\u00e9cessaire au regard des finalit\u00e9s pour lesquelles elles sont trait\u00e9es ;<\/li>\n\n\n\n<li>Exactes et, si n\u00e9cessaire, tenues \u00e0 jour. Toutes les mesures raisonnables doivent \u00eatre prises pour que les donn\u00e9es \u00e0 caract\u00e8re personnel qui sont inexactes, eu \u00e9gard aux finalit\u00e9s pour lesquelles elles sont trait\u00e9es, soient effac\u00e9es ou rectifi\u00e9es sans tarder ;\u00a0<\/li>\n\n\n\n<li>Conserv\u00e9es sous une forme permettant l\u2019identification des personnes concern\u00e9es pendant une dur\u00e9e n\u2019exc\u00e9dant pas celle n\u00e9cessaire au regard des finalit\u00e9s pour lesquelles elles sont trait\u00e9es ;<\/li>\n\n\n\n<li>Trait\u00e9es de fa\u00e7on \u00e0 garantir une s\u00e9curit\u00e9 appropri\u00e9e des donn\u00e9es collect\u00e9es, y compris la protection contre le traitement non autoris\u00e9 ou illicite et contre la perte, la destruction ou les d\u00e9g\u00e2ts d\u2019origine accidentelle, \u00e0 l\u2019aide de mesures techniques ou organisationnelles appropri\u00e9es.\u00a0<\/li>\n<\/ul>\n\n\n\n<p>Le traitement n\u2019est licite que si, et dans la mesure o\u00f9, au moins une des conditions suivantes est remplie :<\/p>\n\n\n\n<ul class=\"wp-block-list\">\n<li>La personne concern\u00e9e a consenti au traitement de ses donn\u00e9es \u00e0 caract\u00e8re personnel pour une ou plusieurs finalit\u00e9s sp\u00e9cifiques ;<\/li>\n\n\n\n<li>Le traitement est n\u00e9cessaire \u00e0 l\u2019ex\u00e9cution d\u2019un contrat auquel la personne concern\u00e9e est partie ou \u00e0 l\u2019ex\u00e9cution de mesures pr\u00e9contractuelles prises \u00e0 la demande de celle-ci ;<\/li>\n\n\n\n<li>Le traitement est n\u00e9cessaire au respect d\u2019une obligation l\u00e9gale \u00e0 laquelle le responsable du traitement est soumis ;<\/li>\n\n\n\n<li>Le traitement est n\u00e9cessaire \u00e0 la sauvegarde des int\u00e9r\u00eats vitaux de la personne concern\u00e9e ou d\u2019une autre personne physique ;<\/li>\n\n\n\n<li>Le traitement est n\u00e9cessaire \u00e0 l\u2019ex\u00e9cution d\u2019une mission d\u2019int\u00e9r\u00eat public ou relevant de l\u2019exercice de l\u2019autorit\u00e9 publique dont est investi le responsable du traitement ;<\/li>\n\n\n\n<li>Le traitement est n\u00e9cessaire aux fins des int\u00e9r\u00eats l\u00e9gitimes poursuivis par le responsable du traitement ou par un tiers, \u00e0 moins que ne pr\u00e9valent les int\u00e9r\u00eats ou les libert\u00e9s et droits fondamentaux de la personne concern\u00e9e qui exigent une protection des donn\u00e9es \u00e0 caract\u00e8re personnel, notamment lorsque la personne concern\u00e9e est un enfant.<\/li>\n<\/ul>\n\n\n\n<h2 class=\"wp-block-heading has-text-color has-link-color wp-elements-130c969921474315145628d0d7742c90\" style=\"color:#fb6060\"><strong>ARTICLE 3 : DONN\u00c9ES \u00c0 CARACT\u00c8RE PERSONNEL COLLECT\u00c9ES ET TRAIT\u00c9ES DANS LE CADRE DE LA NAVIGATION SUR LE SITE\u00a0<\/strong><\/h2>\n\n\n\n<p><strong>Article 3.1 : Donn\u00e9es collect\u00e9es&nbsp;<\/strong><\/p>\n\n\n\n<p>Les donn\u00e9es personnelles collect\u00e9es dans le cadre de notre activit\u00e9 sont les suivantes :&nbsp;<\/p>\n\n\n\n<ul class=\"wp-block-list\">\n<li>Nom<\/li>\n\n\n\n<li>Pr\u00e9nom<\/li>\n\n\n\n<li>Num\u00e9ro de t\u00e9l\u00e9phone<\/li>\n<\/ul>\n\n\n\n<p>La collecte et le traitement de ces donn\u00e9es r\u00e9pond \u00e0 la (aux) finalit\u00e9(s) suivante(s) :&nbsp;<\/p>\n\n\n\n<ul class=\"wp-block-list\">\n<li>Prise de contact pour un cours de yoga.<\/li>\n<\/ul>\n\n\n\n<p><strong>Article 3.2 : Mode de collecte des donn\u00e9es<\/strong><\/p>\n\n\n\n<p>Lorsque vous utilisez notre site, aucunes donn\u00e9es ne sont automatiquement collect\u00e9es.<\/p>\n\n\n\n<p>Les donn\u00e9es conserv\u00e9es par le responsable du traitement dans des conditions raisonnables de s\u00e9curit\u00e9, pour une dur\u00e9e de : 2 ans.<\/p>\n\n\n\n<p>La soci\u00e9t\u00e9 est susceptible de conserver certaines donn\u00e9es \u00e0 caract\u00e8re personnel au-del\u00e0 des d\u00e9lais annonc\u00e9s ci-dessus afin de remplir ses obligations l\u00e9gales ou r\u00e9glementaires.<\/p>\n\n\n\n<p><strong>Article 3.3 : H\u00e9bergement des donn\u00e9es<\/strong><\/p>\n\n\n\n<p>Le site <a href=\"https:\/\/ambiance-yoga-et-sens.fr\/\"><strong><strong><a href=\"https:\/\/ambiance-yoga-et-sens.fr\/\">https:\/\/ambiance-yoga-et-sens.fr\/<\/a><\/strong><\/strong><\/a> est h\u00e9berg\u00e9 par :\u00a0<\/p>\n\n\n\n<p>OVH SAS<\/p>\n\n\n\n<p>Adresse : 2 rue Kellermann, BP 80157 59053 ROUBAIX CEDEX 1<\/p>\n\n\n\n<p>T\u00e9l\u00e9phone : 09 72 10 10 07<\/p>\n\n\n\n<h2 class=\"wp-block-heading has-text-color has-link-color wp-elements-9a9c43103873461269969054d7be7655\" style=\"color:#fb6060\"><strong>ARTICLE 4 : RESPONSABLE DU TRAITEMENT DES DONN\u00c9ES ET D\u00c9L\u00c9GU\u00c9 \u00c0 LA PROTECTION DES DONN\u00c9ES\u00a0<\/strong><\/h2>\n\n\n\n<p><strong>Article 4.1 : Le responsable du traitement des donn\u00e9es&nbsp;<\/strong><\/p>\n\n\n\n<p>Les donn\u00e9es \u00e0 caract\u00e8re personnelles sont collect\u00e9es par EI \u2013 Pons Catherine, dont le num\u00e9ro d\u2019immatriculation est le 422615682.\u00a0<\/p>\n\n\n\n<p>Le responsable du traitement des donn\u00e9es \u00e0 caract\u00e8re personnel peut \u00eatre contact\u00e9 de la mani\u00e8re suivante :&nbsp;<\/p>\n\n\n\n<p>Par courrier \u00e0 l\u2019adresse :\u00a0 89 all\u00e9e Fructidor, 33115 La Teste de Buch ;\u00a0<\/p>\n\n\n\n<p>Par t\u00e9l\u00e9phone, au <a href=\"tel:06.61.09.12.63\">0661091263<\/a>;<\/p>\n\n\n\n<p>Par mail : <a href=\"mailto:catherine.katy33@gmail.com\">catherine.katy33@gmail.com<\/a>.\u00a0<\/p>\n\n\n\n<p><strong>Article 4.2 : Le d\u00e9l\u00e9gu\u00e9 \u00e0 la protection des donn\u00e9es <\/strong>&nbsp;<\/p>\n\n\n\n<p>Le d\u00e9l\u00e9gu\u00e9 \u00e0 la protection des donn\u00e9es de l\u2019entreprise ou du responsable est :<\/p>\n\n\n\n<p>Pons Catherine<\/p>\n\n\n\n<p>Contact : <a href=\"tel:0661091263\"><a href=\"tel:06.61.09.12.63\">0661091263<\/a><\/a> et <a href=\"mailto:catherine.katy33@gmail.com\"><a href=\"mailto:catherine.katy33@gmail.com\">catherine.katy33@gmail.com<\/a><\/a><\/p>\n\n\n\n<p>Si vous estimez, apr\u00e8s nous avoir contact\u00e9s, que vos droits \u201cInformatique et Libert\u00e9s\u201d, ne sont pas respect\u00e9s, vous pouvez adresser une information \u00e0 la CNIL.<\/p>\n\n\n\n<h2 class=\"wp-block-heading has-text-color has-link-color wp-elements-f2ee211ca7e9e5cdcbc7b757efebbe8b\" style=\"color:#fb6060\"><strong>ARTICLE 5 : LES DROITS DE L\u2019UTILISATEUR EN MATI\u00c8RE DE COLLECTE ET DE TRAITEMENT DES DONN\u00c9ES\u00a0<\/strong><\/h2>\n\n\n\n<p>Tout utilisateur concern\u00e9 par le traitement de ses donn\u00e9es personnelles peut se pr\u00e9valoir des droits suivants, en application du r\u00e8glement europ\u00e9en 2016\/679 et de la Loi Informatique et Libert\u00e9 (Loi 78-17 du 6 janvier 1978) :&nbsp;&nbsp;<\/p>\n\n\n\n<ul class=\"wp-block-list\">\n<li>Droit d\u2019acc\u00e8s, de rectification et droit \u00e0 l\u2019effacement des donn\u00e9es (pos\u00e9s respectivement aux articles 15, 16 et 17 du RGPD) ;\u00a0<\/li>\n\n\n\n<li>Droit \u00e0 la portabilit\u00e9 des donn\u00e9es (article 20 du RGPD) ;<\/li>\n\n\n\n<li>Droit \u00e0 la limitation (article 18 du RGPD) et \u00e0 l\u2019opposition du traitement des donn\u00e9es (article 21 du RGPD) ;\u00a0<\/li>\n\n\n\n<li>Droit de ne pas faire l\u2019objet d\u2019une d\u00e9cision fond\u00e9e exclusivement sur un proc\u00e9d\u00e9 automatis\u00e9 ;\u00a0<\/li>\n\n\n\n<li>Droit de d\u00e9terminer le sort des donn\u00e9es apr\u00e8s la mort ;\u00a0<\/li>\n\n\n\n<li>Droit de saisir l\u2019autorit\u00e9 de contr\u00f4le comp\u00e9tente (article 77 du RGPD).\u00a0<\/li>\n<\/ul>\n\n\n\n<p>Pour exercer vos droits, veuillez adresser votre courrier \u00e0 EI \u2013 Pons Catherine, par mail \u00e0 <a href=\"mailto:catherine.katy33@gmail.com\">catherine.katy33@gmail.com<\/a>.<\/p>\n\n\n\n<p>Afin que le responsable du traitement des donn\u00e9es puisse faire droit \u00e0 sa demande, l\u2019utilisateur peut \u00eatre tenu de lui communiquer certaines informations telles que : ses noms et pr\u00e9noms, son adresse e-mail, ainsi que son num\u00e9ro de t\u00e9l\u00e9phone.&nbsp;<\/p>\n\n\n\n<h2 class=\"wp-block-heading has-text-color has-link-color wp-elements-098588195ed05f66c67958046518b2ca\" style=\"color:#fb6060\"><strong>ARTICLE 6 : CONDITIONS DE MODIFICATION DE LA POLITIQUE DE CONFIDENTIALIT\u00c9<\/strong><\/h2>\n\n\n\n<p>L\u2019\u00e9diteur du site <a href=\"https:\/\/ambiance-yoga-et-sens.fr\/\"><strong><strong><a href=\"https:\/\/ambiance-yoga-et-sens.fr\/\">https:\/\/ambiance-yoga-et-sens.fr\/<\/a><\/strong><\/strong><\/a> se r\u00e9serve le droit de pouvoir modifier la pr\u00e9sente Politique \u00e0 tout moment afin d\u2019assurer aux utilisateurs du site sa conformit\u00e9 avec le droit en vigueur.\u00a0<\/p>\n\n\n\n<p>L\u2019utilisateur est invit\u00e9 \u00e0 prendre connaissance de cette Politique \u00e0 chaque fois qu\u2019il utilise nos services, sans qu\u2019il soit n\u00e9cessaire de l\u2019en pr\u00e9venir formellement.<\/p>\n\n\n\n<p>La pr\u00e9sente politique, \u00e9dit\u00e9e le 01\/10\/2025, a \u00e9t\u00e9 mise \u00e0 jour le 01\/10\/2025.<\/p>\n<\/div>\n","protected":false},"excerpt":{"rendered":"<p>Politique de confidentialit\u00e9 Qui sommes-nous\u00a0? L\u2019adresse de notre site est\u00a0: https:\/\/ambiance-yoga-et-sens.fr\/. ARTICLE 1 : PR\u00c9AMBULE\u00a0 La pr\u00e9sente politique de confidentialit\u00e9 a pour but d\u2019informer les utilisateurs du site :&nbsp; Cette politique compl\u00e8te les mentions l\u00e9gales et les Conditions G\u00e9n\u00e9rales d\u2019Utilisation consultables par les utilisateurs \u00e0 l\u2019adresse suivante : mentions l\u00e9gales\u00a0et CGU. ARTICLE 2 : PRINCIPES [&hellip;]<\/p>\n","protected":false},"author":1,"featured_media":0,"parent":0,"menu_order":0,"comment_status":"closed","ping_status":"closed","template":"","meta":{"site-sidebar-layout":"default","site-content-layout":"","ast-site-content-layout":"default","site-content-style":"default","site-sidebar-style":"default","ast-global-header-display":"","ast-banner-title-visibility":"","ast-main-header-display":"","ast-hfb-above-header-display":"","ast-hfb-below-header-display":"","ast-hfb-mobile-header-display":"","site-post-title":"disabled","ast-breadcrumbs-content":"","ast-featured-img":"","footer-sml-layout":"","ast-disable-related-posts":"","theme-transparent-header-meta":"","adv-header-id-meta":"","stick-header-meta":"","header-above-stick-meta":"","header-main-stick-meta":"","header-below-stick-meta":"","astra-migrate-meta-layouts":"set","ast-page-background-enabled":"default","ast-page-background-meta":{"desktop":{"background-color":"var(--ast-global-color-4)","background-image":"","background-repeat":"repeat","background-position":"center center","background-size":"auto","background-attachment":"scroll","background-type":"","background-media":"","overlay-type":"","overlay-color":"","overlay-opacity":"","overlay-gradient":""},"tablet":{"background-color":"","background-image":"","background-repeat":"repeat","background-position":"center center","background-size":"auto","background-attachment":"scroll","background-type":"","background-media":"","overlay-type":"","overlay-color":"","overlay-opacity":"","overlay-gradient":""},"mobile":{"background-color":"","background-image":"","background-repeat":"repeat","background-position":"center center","background-size":"auto","background-attachment":"scroll","background-type":"","background-media":"","overlay-type":"","overlay-color":"","overlay-opacity":"","overlay-gradient":""}},"ast-content-background-meta":{"desktop":{"background-color":"var(--ast-global-color-5)","background-image":"","background-repeat":"repeat","background-position":"center center","background-size":"auto","background-attachment":"scroll","background-type":"","background-media":"","overlay-type":"","overlay-color":"","overlay-opacity":"","overlay-gradient":""},"tablet":{"background-color":"var(--ast-global-color-5)","background-image":"","background-repeat":"repeat","background-position":"center center","background-size":"auto","background-attachment":"scroll","background-type":"","background-media":"","overlay-type":"","overlay-color":"","overlay-opacity":"","overlay-gradient":""},"mobile":{"background-color":"var(--ast-global-color-5)","background-image":"","background-repeat":"repeat","background-position":"center center","background-size":"auto","background-attachment":"scroll","background-type":"","background-media":"","overlay-type":"","overlay-color":"","overlay-opacity":"","overlay-gradient":""}},"footnotes":""},"class_list":["post-1277","page","type-page","status-publish","hentry"],"yoast_head":"<!-- This site is optimized with the Yoast SEO plugin v27.3 - https:\/\/yoast.com\/product\/yoast-seo-wordpress\/ -->\n<title>Politique de confidentialit\u00e9 - Yoga ambiance et sens<\/title>\n<meta name=\"description\" content=\"Voici la politique de confidentialit\u00e9 du site internet Ambiance yoga et sens.\" \/>\n<meta name=\"robots\" content=\"index, follow, max-snippet:-1, max-image-preview:large, max-video-preview:-1\" \/>\n<link rel=\"canonical\" href=\"https:\/\/ambiance-yoga-et-sens.fr\/index.php\/polique-de-confidentialite\/\" \/>\n<meta property=\"og:locale\" content=\"fr_FR\" \/>\n<meta property=\"og:type\" content=\"article\" \/>\n<meta property=\"og:title\" content=\"Politique de confidentialit\u00e9 - Yoga ambiance et sens\" \/>\n<meta property=\"og:description\" content=\"Voici la politique de confidentialit\u00e9 du site internet Ambiance yoga et sens.\" \/>\n<meta property=\"og:url\" content=\"https:\/\/ambiance-yoga-et-sens.fr\/index.php\/polique-de-confidentialite\/\" \/>\n<meta property=\"og:site_name\" content=\"Yoga ambiance et sens\" \/>\n<meta property=\"article:modified_time\" content=\"2025-10-01T08:46:20+00:00\" \/>\n<meta name=\"twitter:card\" content=\"summary_large_image\" \/>\n<meta name=\"twitter:label1\" content=\"Dur\u00e9e de lecture estim\u00e9e\" \/>\n\t<meta name=\"twitter:data1\" content=\"6 minutes\" \/>\n<script type=\"application\/ld+json\" class=\"yoast-schema-graph\">{\"@context\":\"https:\\\/\\\/schema.org\",\"@graph\":[{\"@type\":\"WebPage\",\"@id\":\"https:\\\/\\\/ambiance-yoga-et-sens.fr\\\/index.php\\\/polique-de-confidentialite\\\/\",\"url\":\"https:\\\/\\\/ambiance-yoga-et-sens.fr\\\/index.php\\\/polique-de-confidentialite\\\/\",\"name\":\"Politique de confidentialit\u00e9 - Yoga ambiance et sens\",\"isPartOf\":{\"@id\":\"https:\\\/\\\/ambiance-yoga-et-sens.fr\\\/#website\"},\"datePublished\":\"2025-10-01T08:46:19+00:00\",\"dateModified\":\"2025-10-01T08:46:20+00:00\",\"description\":\"Voici la politique de confidentialit\u00e9 du site internet Ambiance yoga et sens.\",\"breadcrumb\":{\"@id\":\"https:\\\/\\\/ambiance-yoga-et-sens.fr\\\/index.php\\\/polique-de-confidentialite\\\/#breadcrumb\"},\"inLanguage\":\"fr-FR\",\"potentialAction\":[{\"@type\":\"ReadAction\",\"target\":[\"https:\\\/\\\/ambiance-yoga-et-sens.fr\\\/index.php\\\/polique-de-confidentialite\\\/\"]}]},{\"@type\":\"BreadcrumbList\",\"@id\":\"https:\\\/\\\/ambiance-yoga-et-sens.fr\\\/index.php\\\/polique-de-confidentialite\\\/#breadcrumb\",\"itemListElement\":[{\"@type\":\"ListItem\",\"position\":1,\"name\":\"Accueil\",\"item\":\"https:\\\/\\\/ambiance-yoga-et-sens.fr\\\/\"},{\"@type\":\"ListItem\",\"position\":2,\"name\":\"Politique de confidentialit\u00e9\"}]},{\"@type\":\"WebSite\",\"@id\":\"https:\\\/\\\/ambiance-yoga-et-sens.fr\\\/#website\",\"url\":\"https:\\\/\\\/ambiance-yoga-et-sens.fr\\\/\",\"name\":\"Yoga ambiance et sens\",\"description\":\"Yoga ambiance et sens\",\"publisher\":{\"@id\":\"https:\\\/\\\/ambiance-yoga-et-sens.fr\\\/#organization\"},\"potentialAction\":[{\"@type\":\"SearchAction\",\"target\":{\"@type\":\"EntryPoint\",\"urlTemplate\":\"https:\\\/\\\/ambiance-yoga-et-sens.fr\\\/?s={search_term_string}\"},\"query-input\":{\"@type\":\"PropertyValueSpecification\",\"valueRequired\":true,\"valueName\":\"search_term_string\"}}],\"inLanguage\":\"fr-FR\"},{\"@type\":\"Organization\",\"@id\":\"https:\\\/\\\/ambiance-yoga-et-sens.fr\\\/#organization\",\"name\":\"Yoga ambiance et sens\",\"url\":\"https:\\\/\\\/ambiance-yoga-et-sens.fr\\\/\",\"logo\":{\"@type\":\"ImageObject\",\"inLanguage\":\"fr-FR\",\"@id\":\"https:\\\/\\\/ambiance-yoga-et-sens.fr\\\/#\\\/schema\\\/logo\\\/image\\\/\",\"url\":\"https:\\\/\\\/ambiance-yoga-et-sens.fr\\\/wp-content\\\/uploads\\\/2022\\\/03\\\/logo_yoga_et_sens-scaled.png\",\"contentUrl\":\"https:\\\/\\\/ambiance-yoga-et-sens.fr\\\/wp-content\\\/uploads\\\/2022\\\/03\\\/logo_yoga_et_sens-scaled.png\",\"width\":2560,\"height\":785,\"caption\":\"Yoga ambiance et sens\"},\"image\":{\"@id\":\"https:\\\/\\\/ambiance-yoga-et-sens.fr\\\/#\\\/schema\\\/logo\\\/image\\\/\"}}]}<\/script>\n<!-- \/ Yoast SEO plugin. -->","yoast_head_json":{"title":"Politique de confidentialit\u00e9 - Yoga ambiance et sens","description":"Voici la politique de confidentialit\u00e9 du site internet Ambiance yoga et sens.","robots":{"index":"index","follow":"follow","max-snippet":"max-snippet:-1","max-image-preview":"max-image-preview:large","max-video-preview":"max-video-preview:-1"},"canonical":"https:\/\/ambiance-yoga-et-sens.fr\/index.php\/polique-de-confidentialite\/","og_locale":"fr_FR","og_type":"article","og_title":"Politique de confidentialit\u00e9 - Yoga ambiance et sens","og_description":"Voici la politique de confidentialit\u00e9 du site internet Ambiance yoga et sens.","og_url":"https:\/\/ambiance-yoga-et-sens.fr\/index.php\/polique-de-confidentialite\/","og_site_name":"Yoga ambiance et sens","article_modified_time":"2025-10-01T08:46:20+00:00","twitter_card":"summary_large_image","twitter_misc":{"Dur\u00e9e de lecture estim\u00e9e":"6 minutes"},"schema":{"@context":"https:\/\/schema.org","@graph":[{"@type":"WebPage","@id":"https:\/\/ambiance-yoga-et-sens.fr\/index.php\/polique-de-confidentialite\/","url":"https:\/\/ambiance-yoga-et-sens.fr\/index.php\/polique-de-confidentialite\/","name":"Politique de confidentialit\u00e9 - Yoga ambiance et sens","isPartOf":{"@id":"https:\/\/ambiance-yoga-et-sens.fr\/#website"},"datePublished":"2025-10-01T08:46:19+00:00","dateModified":"2025-10-01T08:46:20+00:00","description":"Voici la politique de confidentialit\u00e9 du site internet Ambiance yoga et sens.","breadcrumb":{"@id":"https:\/\/ambiance-yoga-et-sens.fr\/index.php\/polique-de-confidentialite\/#breadcrumb"},"inLanguage":"fr-FR","potentialAction":[{"@type":"ReadAction","target":["https:\/\/ambiance-yoga-et-sens.fr\/index.php\/polique-de-confidentialite\/"]}]},{"@type":"BreadcrumbList","@id":"https:\/\/ambiance-yoga-et-sens.fr\/index.php\/polique-de-confidentialite\/#breadcrumb","itemListElement":[{"@type":"ListItem","position":1,"name":"Accueil","item":"https:\/\/ambiance-yoga-et-sens.fr\/"},{"@type":"ListItem","position":2,"name":"Politique de confidentialit\u00e9"}]},{"@type":"WebSite","@id":"https:\/\/ambiance-yoga-et-sens.fr\/#website","url":"https:\/\/ambiance-yoga-et-sens.fr\/","name":"Yoga ambiance et sens","description":"Yoga ambiance et sens","publisher":{"@id":"https:\/\/ambiance-yoga-et-sens.fr\/#organization"},"potentialAction":[{"@type":"SearchAction","target":{"@type":"EntryPoint","urlTemplate":"https:\/\/ambiance-yoga-et-sens.fr\/?s={search_term_string}"},"query-input":{"@type":"PropertyValueSpecification","valueRequired":true,"valueName":"search_term_string"}}],"inLanguage":"fr-FR"},{"@type":"Organization","@id":"https:\/\/ambiance-yoga-et-sens.fr\/#organization","name":"Yoga ambiance et sens","url":"https:\/\/ambiance-yoga-et-sens.fr\/","logo":{"@type":"ImageObject","inLanguage":"fr-FR","@id":"https:\/\/ambiance-yoga-et-sens.fr\/#\/schema\/logo\/image\/","url":"https:\/\/ambiance-yoga-et-sens.fr\/wp-content\/uploads\/2022\/03\/logo_yoga_et_sens-scaled.png","contentUrl":"https:\/\/ambiance-yoga-et-sens.fr\/wp-content\/uploads\/2022\/03\/logo_yoga_et_sens-scaled.png","width":2560,"height":785,"caption":"Yoga ambiance et sens"},"image":{"@id":"https:\/\/ambiance-yoga-et-sens.fr\/#\/schema\/logo\/image\/"}}]}},"_links":{"self":[{"href":"https:\/\/ambiance-yoga-et-sens.fr\/index.php\/wp-json\/wp\/v2\/pages\/1277","targetHints":{"allow":["GET"]}}],"collection":[{"href":"https:\/\/ambiance-yoga-et-sens.fr\/index.php\/wp-json\/wp\/v2\/pages"}],"about":[{"href":"https:\/\/ambiance-yoga-et-sens.fr\/index.php\/wp-json\/wp\/v2\/types\/page"}],"author":[{"embeddable":true,"href":"https:\/\/ambiance-yoga-et-sens.fr\/index.php\/wp-json\/wp\/v2\/users\/1"}],"replies":[{"embeddable":true,"href":"https:\/\/ambiance-yoga-et-sens.fr\/index.php\/wp-json\/wp\/v2\/comments?post=1277"}],"version-history":[{"count":1,"href":"https:\/\/ambiance-yoga-et-sens.fr\/index.php\/wp-json\/wp\/v2\/pages\/1277\/revisions"}],"predecessor-version":[{"id":1278,"href":"https:\/\/ambiance-yoga-et-sens.fr\/index.php\/wp-json\/wp\/v2\/pages\/1277\/revisions\/1278"}],"wp:attachment":[{"href":"https:\/\/ambiance-yoga-et-sens.fr\/index.php\/wp-json\/wp\/v2\/media?parent=1277"}],"curies":[{"name":"wp","href":"https:\/\/api.w.org\/{rel}","templated":true}]}}